{"id":1454,"date":"2022-08-22T16:52:09","date_gmt":"2022-08-22T14:52:09","guid":{"rendered":"https:\/\/staging.fondation-sommer.lu\/?page_id=1454"},"modified":"2023-07-06T14:52:43","modified_gmt":"2023-07-06T12:52:43","slug":"news","status":"publish","type":"page","link":"https:\/\/fondation-sommer.lu\/en\/news\/","title":{"rendered":"News"},"content":{"rendered":"<div class=\"wpb-content-wrapper\"><p>[vc_row full_width=&#8221;stretch_row_content_no_spaces&#8221;][vc_column]    <div class=\"container\">\r\n\r\n        <div class=\"row\">\r\n\t\t\t\r\n                <div class=\"col-sm-4 pull-right\">\r\n\t\t\t\t\t                    <span><img decoding=\"async\" class=\"parallax-image project-image\" alt=\"\"\r\n                               style=\"margin-right:-30px!important;\" src=\"https:\/\/fondation-sommer.lu\/wp-content\/uploads\/2026\/03\/Portrait-\u00a9-thewald-private.jpeg\">\r\n            <span class=\"img-copyright\">\u00a9 thewald \/ private<\/span><\/span><\/div>\r\n                <div class=\"col-sm-8\">\r\n                    <div class='list-item pl-logo'>\r\n                        <div class=\"project-title\">\r\n                            <h2 class=\"\">Focus on programmes - part 2<\/h2>\r\n                        <\/div>\r\n                        <div style=\"margin-left:15px; margin-right:15px;\">With \u2018Mat Iech\u2019, the educational initiative developed by Elisabeth Schilling & Company, this is the first multi-year programme with a structural focus that we are supporting. For the Sommer Foundation, the structural dimension refers just as much to the greater impact sought on the direct beneficiaries as it does to strengthening the project organiser itself. Thus, through a combined approach of covering structural costs\u2014at a higher level and over a longer timeframe\u2014we are striving to move beyond the \u2018project\u2019 mindset to enable cultural actors to deliver innovative solutions.\r\n\r\nWhilst we are convinced of the merits of this approach, we have been testing its implementation over the past year, bearing in mind that each programme is unique.\r\nHere, Elisabeth Schilling herself explains it.<\/div>\r\n                        <span class=\"more-info-btn\">\r\n                            <a href=\"https:\/\/fondation-sommer.lu\/en\/zoom-sur-les-projets-structurants-suite\/\">read more<\/a>\r\n                        <\/span>\r\n                    <\/div>\r\n                <\/div>\r\n\r\n\t\t\t\r\n                <div class=\"col-sm-4 pull-right\">\r\n\t\t\t\t\t                    <span><img decoding=\"async\" class=\"parallax-image project-image\" alt=\"thumb\"\r\n                               style=\"margin-right:-30px!important;\" src=\"https:\/\/fondation-sommer.lu\/wp-content\/uploads\/2025\/11\/thumb.jpg\">\r\n            <span class=\"img-copyright\"><\/span><\/span><\/div>\r\n                <div class=\"col-sm-8\">\r\n                    <div class='list-item pl-logo'>\r\n                        <div class=\"project-title\">\r\n                            <h2 class=\"\">Focus on programmes<\/h2>\r\n                        <\/div>\r\n                        <div style=\"margin-left:15px; margin-right:15px;\">As part of its pilot phase on structuring projects, Sandrine Guivarch (Director) and Veronika Meindl (Project Coordinator) explain how the Sommer Foundation supports initiatives with a lasting impact and how this support goes beyond one-off funding.<\/div>\r\n                        <span class=\"more-info-btn\">\r\n                            <a href=\"https:\/\/fondation-sommer.lu\/en\/spotlight-on-structuring-projects\/\">read more<\/a>\r\n                        <\/span>\r\n                    <\/div>\r\n                <\/div>\r\n\r\n\t\t\t\r\n                <div class=\"col-sm-4 pull-right\">\r\n\t\t\t\t\t                    <span><img decoding=\"async\" class=\"parallax-image project-image\" alt=\"\"\r\n                               style=\"margin-right:-30px!important;\" src=\"https:\/\/fondation-sommer.lu\/wp-content\/uploads\/2025\/11\/Projets-soutenus_3-e1773766015851.png\">\r\n            <span class=\"img-copyright\"><\/span><\/span><\/div>\r\n                <div class=\"col-sm-8\">\r\n                    <div class='list-item pl-logo'>\r\n                        <div class=\"project-title\">\r\n                            <h2 class=\"\">Projects selected following the call for projects in September 2025<\/h2>\r\n                        <\/div>\r\n                        <div style=\"margin-left:15px; margin-right:15px;\">Following the latest call for projects, the Board of Directors of the Sommer Foundation has selected 13 new initiatives to support.<\/div>\r\n                        <span class=\"more-info-btn\">\r\n                            <a href=\"https:\/\/fondation-sommer.lu\/en\/projects-selected-following-the-call-for-projects-in-september-2025\/\">read more<\/a>\r\n                        <\/span>\r\n                    <\/div>\r\n                <\/div>\r\n\r\n\t\t\t\r\n                <div class=\"col-sm-4 pull-right\">\r\n\t\t\t\t\t                    <span><img decoding=\"async\" class=\"parallax-image project-image\" alt=\"514591521_1354840849978121_8515830425637776521_n\"\r\n                               style=\"margin-right:-30px!important;\" src=\"https:\/\/fondation-sommer.lu\/wp-content\/uploads\/2025\/09\/514591521_1354840849978121_8515830425637776521_n-e1756712847573.jpg\">\r\n            <span class=\"img-copyright\"><\/span><\/span><\/div>\r\n                <div class=\"col-sm-8\">\r\n                    <div class='list-item pl-logo'>\r\n                        <div class=\"project-title\">\r\n                            <h2 class=\"\">\"L\u2019EDUCATION ARTISTIQUE ET CULTURELLE: (EN)QU\u00caTE DE SENS\". A series of articles and interviews for the journal \"forum\"<\/h2>\r\n                        <\/div>\r\n                        <div style=\"margin-left:15px; margin-right:15px;\">The Sommer Foundation, in coordination with the University of Luxembourg has prepared a series of articles dedicated to arts and cultural education in Luxembourg, published in the journal forum from July 2025 to July 2026.\r\nThis series is part of a collaboration with the University of Luxembourg, which began with the project Artists-in-Residence in Schools and continued with the Interdisciplinary Encounter organised in March 2024 by the Sommer Foundation and the University of Luxembourg\u2019s Master\u2019s program in Secondary Education.<\/div>\r\n                        <span class=\"more-info-btn\">\r\n                            <a href=\"https:\/\/fondation-sommer.lu\/en\/leducation-artistique-et-culturelle-enquete-de-sens-a-series-of-articles-and-interviews-for-the-journal-forum\/\">read more<\/a>\r\n                        <\/span>\r\n                    <\/div>\r\n                <\/div>\r\n\r\n\t\t\t\r\n                <div class=\"col-sm-4 pull-right\">\r\n\t\t\t\t\t                    <span><img decoding=\"async\" class=\"parallax-image project-image\" alt=\"Fondation Sommer_RA24_Mockup-p2&#038;3\"\r\n                               style=\"margin-right:-30px!important;\" src=\"https:\/\/fondation-sommer.lu\/wp-content\/uploads\/2025\/09\/Fondation-Sommer_RA24_Mockup-p23.jpg\">\r\n            <span class=\"img-copyright\"><\/span><\/span><\/div>\r\n                <div class=\"col-sm-8\">\r\n                    <div class='list-item pl-logo'>\r\n                        <div class=\"project-title\">\r\n                            <h2 class=\"\">Annual report 2024<\/h2>\r\n                        <\/div>\r\n                        <div style=\"margin-left:15px; margin-right:15px;\">Our 2024 Annual Report is now available! Richer in content and redesigned visually, it reflects the breadth of our activities over the past year.<\/div>\r\n                        <span class=\"more-info-btn\">\r\n                            <a href=\"https:\/\/fondation-sommer.lu\/en\/annual-report-2024\/\">read more<\/a>\r\n                        <\/span>\r\n                    <\/div>\r\n                <\/div>\r\n\r\n\t\t\t\r\n                <div class=\"col-sm-4 pull-right\">\r\n\t\t\t\t\t                    <span><img decoding=\"async\" class=\"parallax-image project-image\" alt=\"Projets soutenus\"\r\n                               style=\"margin-right:-30px!important;\" src=\"https:\/\/fondation-sommer.lu\/wp-content\/uploads\/2025\/07\/Projets-soutenus-e1763372880142.png\">\r\n            <span class=\"img-copyright\"><\/span><\/span><\/div>\r\n                <div class=\"col-sm-8\">\r\n                    <div class='list-item pl-logo'>\r\n                        <div class=\"project-title\">\r\n                            <h2 class=\"\">Projects selected following the call for projects in May 2025<\/h2>\r\n                        <\/div>\r\n                        <div style=\"margin-left:15px; margin-right:15px;\">After the latest call for projects, the Sommer Foundation\u2019s Board selected 10 new initiatives to receive support.<\/div>\r\n                        <span class=\"more-info-btn\">\r\n                            <a href=\"https:\/\/fondation-sommer.lu\/en\/support-granted-to-10-new-projects\/\">read more<\/a>\r\n                        <\/span>\r\n                    <\/div>\r\n                <\/div>\r\n\r\n\t\t\t\r\n                <div class=\"col-sm-4 pull-right\">\r\n\t\t\t\t\t                    <span><img decoding=\"async\" class=\"parallax-image project-image\" alt=\"Projets soutenus\"\r\n                               style=\"margin-right:-30px!important;\" src=\"https:\/\/fondation-sommer.lu\/wp-content\/uploads\/2025\/07\/Projets-soutenus-e1763372880142.png\">\r\n            <span class=\"img-copyright\"><\/span><\/span><\/div>\r\n                <div class=\"col-sm-8\">\r\n                    <div class='list-item pl-logo'>\r\n                        <div class=\"project-title\">\r\n                            <h2 class=\"\">Projects selected following the call for projects in February 2025<\/h2>\r\n                        <\/div>\r\n                        <div style=\"margin-left:15px; margin-right:15px;\">Following the latest call for projects, the Board of Directors of the Sommer Foundation has decided to support 11 new projects.<\/div>\r\n                        <span class=\"more-info-btn\">\r\n                            <a href=\"https:\/\/fondation-sommer.lu\/en\/projects-selected-following-the-call-for-projects-in-february-2025\/\">read more<\/a>\r\n                        <\/span>\r\n                    <\/div>\r\n                <\/div>\r\n\r\n\t\t\t\r\n                <div class=\"col-sm-4 pull-right\">\r\n\t\t\t\t\t                    <span><img decoding=\"async\" class=\"parallax-image project-image\" alt=\"pexels-markus-winkler-1430818-20021278\"\r\n                               style=\"margin-right:-30px!important;\" src=\"https:\/\/fondation-sommer.lu\/wp-content\/uploads\/2025\/02\/pexels-markus-winkler-1430818-20021278-scaled.jpg\">\r\n            <span class=\"img-copyright\">\u00a9 Markus Winkler<\/span><\/span><\/div>\r\n                <div class=\"col-sm-8\">\r\n                    <div class='list-item pl-logo'>\r\n                        <div class=\"project-title\">\r\n                            <h2 class=\"\">3 questions for Sandrine Guivarch<\/h2>\r\n                        <\/div>\r\n                        <div style=\"margin-left:15px; margin-right:15px;\">Sandrine Guivarch, Director of the Fondation Sommer, shares her vision for the future of the foundation, particularly within the framework of the 2025 Action Plan.<\/div>\r\n                        <span class=\"more-info-btn\">\r\n                            <a href=\"https:\/\/fondation-sommer.lu\/en\/3-questions-for-sandrine-guivarch\/\">read more<\/a>\r\n                        <\/span>\r\n                    <\/div>\r\n                <\/div>\r\n\r\n\t\t\t\r\n                <div class=\"col-sm-4 pull-right\">\r\n\t\t\t\t\t                    <span><img decoding=\"async\" class=\"parallax-image project-image\" alt=\"SOMMER 241127 (c) Bohumil KOSTOHRYZ 0002\"\r\n                               style=\"margin-right:-30px!important;\" src=\"https:\/\/fondation-sommer.lu\/wp-content\/uploads\/2025\/01\/SOMMER-241127-c-Bohumil-KOSTOHRYZ-0002.jpg\">\r\n            <span class=\"img-copyright\">\u00a9 Boshua<\/span><\/span><\/div>\r\n                <div class=\"col-sm-8\">\r\n                    <div class='list-item pl-logo'>\r\n                        <div class=\"project-title\">\r\n                            <h2 class=\"\">The Key Challenges of Empowering Children and Young People Through Arts and Culture: Review of the 3rd Professional Meeting of the Fondation Sommer<\/h2>\r\n                        <\/div>\r\n                        <div style=\"margin-left:15px; margin-right:15px;\">On Wednesday, November 27, 2024, the 3rd professional meeting organized by the Fondation Sommer took place. Around sixty actors from Luxembourg's cultural, artistic, social, and educational sectors attended our invitation. This day provided an opportunity to inform, exchange ideas, and reflect together on how to design a cultural and artistic initiative that is relevant, impactful, ecological, and sustainable.<\/div>\r\n                        <span class=\"more-info-btn\">\r\n                            <a href=\"https:\/\/fondation-sommer.lu\/en\/the-key-challenges-of-empowering-children-and-young-people-through-arts-and-culture-review-of-the-3rd-professional-meeting-of-the-fondation-sommer\/\">read more<\/a>\r\n                        <\/span>\r\n                    <\/div>\r\n                <\/div>\r\n\r\n\t\t\t\r\n                <div class=\"col-sm-4 pull-right\">\r\n\t\t\t\t\t                    <span><img decoding=\"async\" class=\"parallax-image project-image\" alt=\"IMG_5738\"\r\n                               style=\"margin-right:-30px!important;\" src=\"https:\/\/fondation-sommer.lu\/wp-content\/uploads\/2024\/09\/IMG_5738-scaled-e1725261191262.jpg\">\r\n            <span class=\"img-copyright\"><\/span><\/span><\/div>\r\n                <div class=\"col-sm-8\">\r\n                    <div class='list-item pl-logo'>\r\n                        <div class=\"project-title\">\r\n                            <h2 class=\"\">Activity Report 2023<\/h2>\r\n                        <\/div>\r\n                        <div style=\"margin-left:15px; margin-right:15px;\">Our Activity Report 2023 has been released.<\/div>\r\n                        <span class=\"more-info-btn\">\r\n                            <a href=\"https:\/\/fondation-sommer.lu\/en\/activity-report-2023\/\">read more<\/a>\r\n                        <\/span>\r\n                    <\/div>\r\n                <\/div>\r\n\r\n\t\t\t\r\n                <div class=\"col-sm-4 pull-right\">\r\n\t\t\t\t\t                    <span><img decoding=\"async\" class=\"parallax-image project-image\" alt=\"SOMMER 240625 (c) Bohumil KOSTOHRYZ 0211B\"\r\n                               style=\"margin-right:-30px!important;\" src=\"https:\/\/fondation-sommer.lu\/wp-content\/uploads\/2024\/07\/SOMMER-240625-c-Bohumil-KOSTOHRYZ-0211B.jpg\">\r\n            <span class=\"img-copyright\">\u00a9 Boshua<\/span><\/span><\/div>\r\n                <div class=\"col-sm-8\">\r\n                    <div class='list-item pl-logo'>\r\n                        <div class=\"project-title\">\r\n                            <h2 class=\"\">Change within the Board of Directors of the Sommer Foundation<\/h2>\r\n                        <\/div>\r\n                        <div style=\"margin-left:15px; margin-right:15px;\">Following its General Assembly on July 24, the Sommer Foundation marks the departure of St\u00e9phanie Jauquet after a 5-year term. On this same occasion, the entry of Fabrice Roth as a new member of the Board of Directors was voted in.<\/div>\r\n                        <span class=\"more-info-btn\">\r\n                            <a href=\"https:\/\/fondation-sommer.lu\/en\/change-within-the-board-of-directors-of-the-sommer-foundation\/\">read more<\/a>\r\n                        <\/span>\r\n                    <\/div>\r\n                <\/div>\r\n\r\n\t\t\t\r\n                <div class=\"col-sm-4 pull-right\">\r\n\t\t\t\t\t                    <span><img decoding=\"async\" class=\"parallax-image project-image\" alt=\"DSCF0685 copie\"\r\n                               style=\"margin-right:-30px!important;\" src=\"https:\/\/fondation-sommer.lu\/wp-content\/uploads\/2024\/06\/DSCF0685-copie-scaled.jpg\">\r\n            <span class=\"img-copyright\">\u00a9 philbo & Universit\u00e9 de Luxembourg<\/span><\/span><\/div>\r\n                <div class=\"col-sm-8\">\r\n                    <div class='list-item pl-logo'>\r\n                        <div class=\"project-title\">\r\n                            <h2 class=\"\">Interdisciplinary Meeting 'Artistic and Cultural Education' - Report<\/h2>\r\n                        <\/div>\r\n                        <div style=\"margin-left:15px; margin-right:15px;\">On March 27 and 28, 2024, the Sommer Foundation and the Master's program in Secondary Education at the University of Luxembourg co-organized an interdisciplinary meeting focused on the theme of artistic and cultural education in Luxembourg, highlighting various aspects of this topic.<\/div>\r\n                        <span class=\"more-info-btn\">\r\n                            <a href=\"https:\/\/fondation-sommer.lu\/en\/interdisciplinary-meeting-artistic-and-cultural-education-report\/\">read more<\/a>\r\n                        <\/span>\r\n                    <\/div>\r\n                <\/div>\r\n\r\n\t\t\t\r\n                <div class=\"col-sm-4 pull-right\">\r\n\t\t\t\t\t                    <span><img decoding=\"async\" class=\"parallax-image project-image\" alt=\"pexels-madison-inouye-1577882\"\r\n                               style=\"margin-right:-30px!important;\" src=\"https:\/\/fondation-sommer.lu\/wp-content\/uploads\/2023\/03\/pexels-madison-inouye-1577882-scaled.jpg\">\r\n            <span class=\"img-copyright\"><\/span><\/span><\/div>\r\n                <div class=\"col-sm-8\">\r\n                    <div class='list-item pl-logo'>\r\n                        <div class=\"project-title\">\r\n                            <h2 class=\"\">Revue de presse<\/h2>\r\n                        <\/div>\r\n                        <div style=\"margin-left:15px; margin-right:15px;\">Quelques articles pour retracer nos activit\u00e9s et projets soutenus.<\/div>\r\n                        <span class=\"more-info-btn\">\r\n                            <a href=\"https:\/\/fondation-sommer.lu\/revue-de-presse\/\">read more<\/a>\r\n                        <\/span>\r\n                    <\/div>\r\n                <\/div>\r\n\r\n\t\t\t\r\n                <div class=\"col-sm-4 pull-right\">\r\n\t\t\t\t\t                    <span><img decoding=\"async\" class=\"parallax-image project-image\" alt=\"SOMMER (c) Bohumil KOSTOHRYZ 0016\"\r\n                               style=\"margin-right:-30px!important;\" src=\"https:\/\/fondation-sommer.lu\/wp-content\/uploads\/2023\/10\/SOMMER-c-Bohumil-KOSTOHRYZ-0016.jpg\">\r\n            <span class=\"img-copyright\">\u00a9 Bohumil Kostohryz<\/span><\/span><\/div>\r\n                <div class=\"col-sm-8\">\r\n                    <div class='list-item pl-logo'>\r\n                        <div class=\"project-title\">\r\n                            <h2 class=\"\">\"Culture and Society\": A review of the Sommer Foundation's second professional meeting<\/h2>\r\n                        <\/div>\r\n                        <div style=\"margin-left:15px; margin-right:15px;\">On Wednesday 15 November 2023, around 80 people from the cultural, educational and social sectors attended the 2nd professional meeting organised by the Fondation Sommer at the Luxembourg Center for Architecture.<\/div>\r\n                        <span class=\"more-info-btn\">\r\n                            <a href=\"https:\/\/fondation-sommer.lu\/en\/2nd-professional-conference-culture-and-society-what-projects-for-the-empowerment-of-children-and-young-people\/\">read more<\/a>\r\n                        <\/span>\r\n                    <\/div>\r\n                <\/div>\r\n\r\n\t\t\t\r\n                <div class=\"col-sm-4 pull-right\">\r\n\t\t\t\t\t                    <span><img decoding=\"async\" class=\"parallax-image project-image\" alt=\"Capture d\u2019\u00e9cran 2023-09-21 \u00e0 17.33.15\"\r\n                               style=\"margin-right:-30px!important;\" src=\"https:\/\/fondation-sommer.lu\/wp-content\/uploads\/2023\/09\/Capture-decran-2023-09-21-a-17.33.15.png\">\r\n            <span class=\"img-copyright\"><\/span><\/span><\/div>\r\n                <div class=\"col-sm-8\">\r\n                    <div class='list-item pl-logo'>\r\n                        <div class=\"project-title\">\r\n                            <h2 class=\"\">Rapport d'activit\u00e9s 2022<\/h2>\r\n                        <\/div>\r\n                        <div style=\"margin-left:15px; margin-right:15px;\">Notre rapport d'activit\u00e9s 2022 est sorti!<\/div>\r\n                        <span class=\"more-info-btn\">\r\n                            <a href=\"https:\/\/fondation-sommer.lu\/en\/rapport-dactivites-2022\/\">read more<\/a>\r\n                        <\/span>\r\n                    <\/div>\r\n                <\/div>\r\n\r\n\t\t\t\r\n                <div class=\"col-sm-4 pull-right\">\r\n\t\t\t\t\t                    <span><img decoding=\"async\" class=\"parallax-image project-image\" alt=\"Capture d\u2019\u00e9cran 2023-07-04 \u00e0 14.46.01\"\r\n                               style=\"margin-right:-30px!important;\" src=\"https:\/\/fondation-sommer.lu\/wp-content\/uploads\/2022\/12\/Capture-decran-2023-07-04-a-14.46.01.jpg\">\r\n            <span class=\"img-copyright\"><\/span><\/span><\/div>\r\n                <div class=\"col-sm-8\">\r\n                    <div class='list-item pl-logo'>\r\n                        <div class=\"project-title\">\r\n                            <h2 class=\"\">Interview with Sandrine Guivarch on culture.lu<\/h2>\r\n                        <\/div>\r\n                        <div style=\"margin-left:15px; margin-right:15px;\">The director of our foundation has answered the questions of Godefroy Gordet on culture.lu.<\/div>\r\n                        <span class=\"more-info-btn\">\r\n                            <a href=\"https:\/\/fondation-sommer.lu\/en\/interview-with-sandrine-guivarch-on-culture-lu\/\">read more<\/a>\r\n                        <\/span>\r\n                    <\/div>\r\n                <\/div>\r\n\r\n\t\t\t\r\n                <div class=\"col-sm-4 pull-right\">\r\n\t\t\t\t\t                    <span><img decoding=\"async\" class=\"parallax-image project-image\" alt=\"1\"\r\n                               style=\"margin-right:-30px!important;\" src=\"https:\/\/fondation-sommer.lu\/wp-content\/uploads\/2022\/08\/1.jpg\">\r\n            <span class=\"img-copyright\">\u00a9 Bohumil Kostohryz<\/span><\/span><\/div>\r\n                <div class=\"col-sm-8\">\r\n                    <div class='list-item pl-logo'>\r\n                        <div class=\"project-title\">\r\n                            <h2 class=\"\">\u00ab Culture et jeunesse \u00bb : Retour sur la premi\u00e8re rencontre professionnelle de la Fondation Sommer<\/h2>\r\n                        <\/div>\r\n                        <div style=\"margin-left:15px; margin-right:15px;\">Plus d\u2019une centaine d\u2019acteurs des secteurs culturel, social et \u00e9ducatif se sont retrouv\u00e9s le 28 septembre dans l\u2019auditorium du Mudam \u00e0 l\u2019occasion de la premi\u00e8re rencontre professionnelle de la Fondation Sommer. La matin\u00e9e a donn\u00e9 lieu \u00e0 la pr\u00e9sentation de trois des projets soutenus par la Fondation et \u00e0 d\u2019enrichissants \u00e9changes avec le public pr\u00e9sent.<\/div>\r\n                        <span class=\"more-info-btn\">\r\n                            <a href=\"https:\/\/fondation-sommer.lu\/en\/1ere-rencontre-professionnelle-de-la-fondation-sommer\/\">read more<\/a>\r\n                        <\/span>\r\n                    <\/div>\r\n                <\/div>\r\n\r\n\t\t\t        <\/div>\r\n\r\n    <\/div>\r\n    <!--container-->\r\n\t[\/vc_column][\/vc_row]<\/p>\n<\/div>","protected":false},"excerpt":{"rendered":"<p>[vc_row full_width=&#8221;stretch_row_content_no_spaces&#8221;][vc_column][\/vc_column][\/vc_row]<\/p>\n","protected":false},"author":1,"featured_media":0,"parent":0,"menu_order":0,"comment_status":"closed","ping_status":"closed","template":"","meta":{"_acf_changed":false,"footnotes":""},"class_list":["post-1454","page","type-page","status-publish","hentry"],"acf":[],"_links":{"self":[{"href":"https:\/\/fondation-sommer.lu\/en\/wp-json\/wp\/v2\/pages\/1454","targetHints":{"allow":["GET"]}}],"collection":[{"href":"https:\/\/fondation-sommer.lu\/en\/wp-json\/wp\/v2\/pages"}],"about":[{"href":"https:\/\/fondation-sommer.lu\/en\/wp-json\/wp\/v2\/types\/page"}],"author":[{"embeddable":true,"href":"https:\/\/fondation-sommer.lu\/en\/wp-json\/wp\/v2\/users\/1"}],"replies":[{"embeddable":true,"href":"https:\/\/fondation-sommer.lu\/en\/wp-json\/wp\/v2\/comments?post=1454"}],"version-history":[{"count":5,"href":"https:\/\/fondation-sommer.lu\/en\/wp-json\/wp\/v2\/pages\/1454\/revisions"}],"predecessor-version":[{"id":2343,"href":"https:\/\/fondation-sommer.lu\/en\/wp-json\/wp\/v2\/pages\/1454\/revisions\/2343"}],"wp:attachment":[{"href":"https:\/\/fondation-sommer.lu\/en\/wp-json\/wp\/v2\/media?parent=1454"}],"curies":[{"name":"wp","href":"https:\/\/api.w.org\/{rel}","templated":true}]}}