{"id":3785,"date":"2024-06-11T10:37:12","date_gmt":"2024-06-11T08:37:12","guid":{"rendered":"https:\/\/fondation-sommer.lu\/appels\/"},"modified":"2024-10-28T10:05:53","modified_gmt":"2024-10-28T08:05:53","slug":"appels","status":"publish","type":"page","link":"https:\/\/fondation-sommer.lu\/en\/appels\/","title":{"rendered":"Calls"},"content":{"rendered":"<div class=\"wpb-content-wrapper\"><p>[vc_row full_width=&#8221;stretch_row_content_no_spaces&#8221;][vc_column]    <div class=\"container\">\r\n\r\n        <div class=\"row\" style=\"row-gap: 30px;\">\r\n\t\t\t\r\n                <div class=\"col-sm-4 d-sm-block\"><!--whitespace--><\/div>\r\n                <div class=\"col-sm-8\">\r\n                    <h2 class=\"page-title parallax\" style=\"top: 0;\"><strong>\r\n                            <span style=\"color: #D8D43E;\">R\u00e9sidences d\u2019artistes en milieu scolaire - Ann\u00e9e scolaire 2026\/2027<\/span><\/strong><\/h2>\r\n                <\/div>\r\n\r\n                <div class=\"col-sm-4 pull-right\">\r\n\t\t\t\t\t                    <span><img decoding=\"async\" class=\"parallax-image project-image\" alt=\"Appel \u00e0 projets fondation sommer\"\r\n                               style=\"margin-right:-30px!important;\" src=\"https:\/\/fondation-sommer.lu\/wp-content\/uploads\/2024\/01\/Appel-a-projets-fondation-sommer.png\">\r\n            <span class=\"img-copyright\"><\/span><\/span><\/div>\r\n                <div class=\"col-sm-8\">\r\n                        <div class=\"pl-logo\"><p style=\"font-weight: 400;\">Les RAMS invitent la cr\u00e9ation artistique \u00e0 s\u2019ancrer dans le quotidien scolaire et rendent les processus cr\u00e9atifs tangibles et vivants.<br \/>\nElles encouragent la collaboration entre artistes, enseignant\u00b7e\u00b7s, institutions culturelles et \u00e9l\u00e8ves, cr\u00e9ant un espace o\u00f9 les id\u00e9es naissent, o\u00f9 les questions \u00e9mergent et o\u00f9 de nouvelles perspectives se construisent.<\/p>\n<p>Depuis la \u00a0<a href=\"https:\/\/fondation-sommer.lu\/documentaire-sur-les-residences-dartistes-en-milieu-scolaire\/\">phase pilote en 2023-2024<\/a>, en collaboration avec le \u00a0SCRIPT (pour le Minist\u00e8re de l\u2019\u00c9ducation nationale, de l&#8217;Enfance et de la Jeunesse) ainsi que le Minist\u00e8re de la Culture, les r\u00e9sidences d\u2019artistes en milieu scolaire (RAMS) sont devenues un \u00e9l\u00e9ment structurant de l&#8217;action de la Fondation Sommer.<\/p>\n<p style=\"font-weight: 400;\">Elles rendent visibles les pratiques artistiques au sein de l\u2019\u00e9cole et misent sur l\u2019exp\u00e9rimentation, le dialogue et la participation active de toutes et tous.<\/p>\n<p style=\"font-weight: 400;\">Les premi\u00e8res \u00e9ditions des RAMS ont montr\u00e9 \u00e0 quel point la pr\u00e9sence d\u2019artistes \u00e0 l\u2019\u00e9cole peut \u00eatre source de mouvement et d\u2019ouverture, une exp\u00e9rience riche et formatrice pour chacun\u00b7e : \u00e9l\u00e8ves, enseignant\u00b7e\u00b7s et artistes.<\/p>\n<p>Les RAMS sont un dispositif d&#8217;\u00e9ducation artistique et culturelle qui vise \u00e0<\/p>\n<ul>\n<li>Initier les enfants \u00e0 l\u2019art et \u00e0 la culture \u00e0 travers la d\u00e9couverte d\u2019un univers artistique, la d\u00e9marche de cr\u00e9ation d\u2019un artiste, un processus de cr\u00e9ation et\/ou d\u2019expression ;<\/li>\n<li>G\u00e9n\u00e9rer une relation complice et des apports mutuels entre les enfants et l\u2019artiste ;<\/li>\n<li>Mettre en relation la pratique artistique et culturelle avec les autres champs du savoir ;<\/li>\n<li>Offrir une alternative aux formes traditionnelles d\u2019apprentissage en stimulant les facult\u00e9s sensorielles, la curiosit\u00e9, l\u2019imagination, la cr\u00e9ativit\u00e9, et l\u2019expression ;<\/li>\n<li>D\u00e9velopper le jugement esth\u00e9tique de l\u2019\u00e9l\u00e8ve et valoriser le potentiel cr\u00e9atif et expressif des enfants.<\/li>\n<\/ul>\n<p style=\"text-align: center;\">***************<\/p>\n<p><b>Nouveaut\u00e9<\/b> : il est d\u00e9sormais possible (mais non obligatoire) de d\u00e9poser une <strong>c<\/strong><b>andidature conjointe entre une \u00e9cole et un\u00b7e artiste<\/b>.<\/p>\n<p>Cette option permet de concevoir d\u00e8s le d\u00e9part un projet\u00a0ancr\u00e9 dans le contexte sp\u00e9cifique d\u2019un \u00e9tablissement scolaire, tout en\u00a0renfor\u00e7ant la co-construction et le dialogue\u00a0entre les partenaires.\u00a0<span class=\"Apple-converted-space\">\u00a0<\/span><\/p>\n<p style=\"text-align: center;\">***************<\/p>\n<p><strong>Le pr\u00e9sent appel s&#8217;adresse \u00e0:<\/strong><\/p>\n<ul>\n<li>des artistes r\u00e9sidant au Luxembourg ;<\/li>\n<li>des artistes r\u00e9sidant en Grande R\u00e9gion : dans ce cas, l\u2019ancrage culturel au Luxembourg sera \u00e9valu\u00e9 ;<\/li>\n<li>des structures culturelles (associations ou \u00e9tablissements publics) du Luxembourg qui encadrent un\/e artiste national ou international.<\/li>\n<\/ul>\n<p>&nbsp;<\/p>\n<p><strong>Domaines \u00e9ligibles\u00a0<\/strong><\/p>\n<p>Les projets soumis doivent r\u00e9pondre aux secteurs suivants\u00a0:<\/p>\n<ul>\n<li>Danse<\/li>\n<li>Th\u00e9\u00e2tre, arts de la rue et cirque<\/li>\n<li>Musique<\/li>\n<li>Arts visuels, architecture, design et m\u00e9tiers d\u2019art<\/li>\n<li>Litt\u00e9rature et \u00e9dition<\/li>\n<li>Audiovisuel, multim\u00e9dia et arts num\u00e9riques<\/li>\n<li>Pluridisciplinaire<\/li>\n<\/ul>\n<p>La r\u00e9sidence d\u2019artiste peut \u00eatre de recherche ou de cr\u00e9ation.<\/p>\n<p>&nbsp;<\/p>\n<p><strong>Modalit\u00e9s de r\u00e9alisation des projets<\/strong><\/p>\n<p>\u2022 Le projet doit avoir lieu pendant l\u2019ann\u00e9e scolaire <b>2026\/27<\/b>. Les dates exactes seront \u00e0 d\u00e9finir par la suite ;<\/p>\n<p>\u2022 La r\u00e9sidence d\u2019artiste peut avoir une dur\u00e9e comprise entre un et six mois, de mani\u00e8re continue ou r\u00e9partie en plusieurs p\u00e9riodes ;<\/p>\n<p>\u2022 Au minimum <b>trois classes <\/b>seront impliqu\u00e9es dans les temps de m\u00e9diation forts, avec \u00e9galement des <b>moments de partage ouverts \u00e0 l\u2019ensemble de la communaut\u00e9 scolaire <\/b>;<\/p>\n<p>\u2022 Un minimum de <b>quatre heures <\/b>les jours de pr\u00e9sence \u00e0 l\u2019\u00e9cole est requis ;<\/p>\n<p>\u2022 Environ un tiers du temps de pr\u00e9sence de l\u2019artiste ou des artistes dans l\u2019\u00e9cole doit \u00eatre consacr\u00e9 au travail en face \u00e0 face avec les \u00e9l\u00e8ves (indication \u00e0 adapter selon la nature du projet) ;<\/p>\n<p>\u2022 Le projet peut inclure d\u2019autres intervenant\u00b7e\u00b7s ponctuel\u00b7le\u00b7s, notamment pour le volet m\u00e9diation.<span class=\"Apple-converted-space\">\u00a0<\/span><\/p>\n<p>Une convention sera \u00e9tablie entre le porteur de projet et l\u2019\u00e9tablissement scolaire. L\u2019aide financi\u00e8re allou\u00e9e est transmise int\u00e9gralement au porteur de projet qui sera responsable de la gestion du budget et de tout paiement envers un tiers, le cas \u00e9ch\u00e9ant.<\/p>\n<p>&nbsp;<\/p>\n<p><b>I<\/b><b>ndications financi\u00e8res<span class=\"Apple-converted-space\">\u00a0<\/span><\/b><b><\/b><\/p>\n<p>Le montant du subside est \u00e9valu\u00e9 selon le budget pr\u00e9visionnel et la nature du projet, mais ne peut d\u00e9passer le montant maximal de <b>10.000 \u20ac par projet<\/b>. Toutefois, lorsque la nature ou l\u2019ampleur du projet le justifie, le comit\u00e9 se r\u00e9serve le droit de d\u00e9passer exceptionnellement ce montant.<span class=\"Apple-converted-space\">\u00a0<\/span><\/p>\n<p>Pour le calcul des honoraires relatifs aux heures de face-\u00e0-face avec les \u00e9l\u00e8ves, il est recommand\u00e9 d\u2019appliquer le tarif <b>Kulturama (100 \u20ac\/heure)<\/b>.<span class=\"Apple-converted-space\">\u00a0<\/span><\/p>\n<p>&nbsp;<\/p>\n<p><strong>Public cible<\/strong><\/p>\n<p>Le projet peut \u00eatre destin\u00e9 aux \u00e9l\u00e8ves de <strong>l\u2019enseignement fondamental ou secondaire<\/strong>.<\/p>\n<p style=\"font-weight: 400;\">Le r\u00e8glement int\u00e9gral ainsi que le formulaire de candidature sont disponibles ci-dessous.<\/p>\n<div><b><span lang=\"FR\">Une r\u00e9union d&#8217;information <\/span><\/b>sera organis\u00e9e <b>le 18 d\u00e9cembre \u00e0 14h00<\/b> pour les artistes est structures int\u00e9ress\u00e9s. Pour plus d&#8217;informations et pour vous inscrire \u00e0 cette r\u00e9union, veuillez contacter<span class=\"apple-converted-space\">\u00a0<\/span><span lang=\"FR\"><a href=\"&#109;a&#x69;l&#x74;&#111;&#x3a;&#114;&#x65;&#115;i&#x64;e&#x6e;&#99;&#x65;&#115;&#x40;&#102;&#x6f;&#110;d&#x61;t&#x69;&#111;&#x6e;&#45;&#x73;&#111;m&#x6d;e&#x72;&#46;&#x6c;&#117;\">&#x72;&#101;&#x73;&#105;d&#x65;&#110;c&#x65;&#115;&#x40;&#x66;o&#x6e;&#100;a&#x74;&#105;&#x6f;&#x6e;-&#x73;&#111;m&#x6d;&#101;r&#x2e;&#108;&#x75;<\/a>.<\/span><\/div>\n<div><\/div>\n<div><\/div>\n<div><strong>La date limite d\u2019envoi des dossiers est fixe\u0301e au 1er fe\u0301vrier 2026.<\/strong><\/div>\n<\/div>\r\n\r\n\r\n\t\t\t\t\t\t                                <span class=\"more-info-btn download-btn\">\r\n                                    <a target=\"_blank\" href=\"https:\/\/fondation-sommer.lu\/wp-content\/uploads\/2024\/06\/Formulaire-26.27-APPEL-A-PROJETS_RAMS-1.pdf\">\r\n                                        Formulaire-26.27-APPEL-A-PROJETS_RAMS-1.pdf                                    <\/a>\r\n                                <\/span>\r\n\t\t\t\t\t\t\t                                <span class=\"more-info-btn download-btn\">\r\n                                    <a target=\"_blank\" href=\"https:\/\/fondation-sommer.lu\/wp-content\/uploads\/2024\/06\/Descriptif_AAP_RAMS-26-27-1.pdf\">\r\n                                        Descriptif_AAP_RAMS-26-27-1.pdf                                    <\/a>\r\n                                <\/span>\r\n\t\t\t\t\t\t\t\r\n                <\/div>\r\n\r\n\t\t\t        <\/div>\r\n\r\n    <\/div>\r\n\t[\/vc_column][\/vc_row][vc_row][vc_column][vc_column_text][\/vc_column_text][\/vc_column][\/vc_row]<\/p>\n<\/div>","protected":false},"excerpt":{"rendered":"<p>[vc_row full_width=&#8221;stretch_row_content_no_spaces&#8221;][vc_column][\/vc_column][\/vc_row][vc_row][vc_column][vc_column_text][\/vc_column_text][\/vc_column][\/vc_row]<\/p>\n","protected":false},"author":1,"featured_media":0,"parent":0,"menu_order":0,"comment_status":"closed","ping_status":"closed","template":"","meta":{"_acf_changed":false,"footnotes":""},"class_list":["post-3785","page","type-page","status-publish","hentry"],"acf":[],"_links":{"self":[{"href":"https:\/\/fondation-sommer.lu\/en\/wp-json\/wp\/v2\/pages\/3785","targetHints":{"allow":["GET"]}}],"collection":[{"href":"https:\/\/fondation-sommer.lu\/en\/wp-json\/wp\/v2\/pages"}],"about":[{"href":"https:\/\/fondation-sommer.lu\/en\/wp-json\/wp\/v2\/types\/page"}],"author":[{"embeddable":true,"href":"https:\/\/fondation-sommer.lu\/en\/wp-json\/wp\/v2\/users\/1"}],"replies":[{"embeddable":true,"href":"https:\/\/fondation-sommer.lu\/en\/wp-json\/wp\/v2\/comments?post=3785"}],"version-history":[{"count":4,"href":"https:\/\/fondation-sommer.lu\/en\/wp-json\/wp\/v2\/pages\/3785\/revisions"}],"predecessor-version":[{"id":4708,"href":"https:\/\/fondation-sommer.lu\/en\/wp-json\/wp\/v2\/pages\/3785\/revisions\/4708"}],"wp:attachment":[{"href":"https:\/\/fondation-sommer.lu\/en\/wp-json\/wp\/v2\/media?parent=3785"}],"curies":[{"name":"wp","href":"https:\/\/api.w.org\/{rel}","templated":true}]}}