{"id":3088,"date":"2024-01-16T13:16:03","date_gmt":"2024-01-16T11:16:03","guid":{"rendered":"https:\/\/fondation-sommer.lu\/projects\/lycee-des-arts-et-metiers-in-collaboration-with-casino-display\/"},"modified":"2024-06-13T16:22:28","modified_gmt":"2024-06-13T14:22:28","slug":"lycee-des-arts-et-metiers-in-collaboration-with-casino-display","status":"publish","type":"projects","link":"https:\/\/fondation-sommer.lu\/en\/projects\/lycee-des-arts-et-metiers-in-collaboration-with-casino-display\/","title":{"rendered":"\u00ab \u00ab \u00ab \u00ab Documentaire animalier \u00bb \u00bb \u00bb \u00bb (avec quatre guillemets)"},"content":{"rendered":"<div class=\"wpb-content-wrapper\"><p>[vc_row][vc_column][vc_column_text]Emma Dupr\u00e9, une artiste pluridisciplinaire a \u00e9lu domicile en tant qu\u2019artiste en r\u00e9sidence au sein du Lyc\u00e9e des Arts et M\u00e9tiers. Durant une p\u00e9riode de 7 semaines, elle a travaill\u00e9 en collaboration avec les \u00e9l\u00e8ves des classes 7G1, 7G2, 5C, 4TP3D, 3GACV2, 3TPDG, 2TPTI, 1TPDG, ACCU et leurs enseignants, tout en disposant d\u2019un espace d\u00e9di\u00e9 \u00e0 son travail personnel.<\/p>\n<p>Pendant sa r\u00e9sidence, Emma Dupr\u00e9 cherchait \u00e0 instaurer de nouveaux r\u00e9gimes d\u2019attention autour des non-humains avec qui l\u2019on partage notre quotidien sans pour autant les remarquer. Il s\u2019agissait d\u2019explorer ce que l\u2019on appelle parfois le banal qui, par la cr\u00e9ation artistique, peut prendre de nouvelles dimensions.<em> \u00ab \u00ab \u00ab \u00ab Documentaire animalier \u00bb \u00bb \u00bb \u00bb (avec quatre guillemets)<\/em> a donc propos\u00e9 une exploration du quotidien des \u00e9l\u00e8ves et comment des m\u00e9thodes artistiques permettent de changer les points de vue, de d\u00e9couvrir d\u2019autres perspectives, et de prendre conscience de ce qui est l\u00e0 devant nos yeux, oreilles, et tous nos autres sens. Ce sont des qualit\u00e9s et des comp\u00e9tences qui sont essentielles \u00e0 acqu\u00e9rir dans le contexte du d\u00e9r\u00e8glement climatique et ainsi peuvent amener les \u00e9l\u00e8ves \u00e0 questionner leur place dans le monde, autant \u00e0 macro qu\u2019\u00e0 micro-\u00e9chelle, de leur relation avec leur environnement direct et des non-humains qui y habitent. Cette approche leur a permis d\u2019explorer eux-m\u00eames leur environnement et de b\u00e9n\u00e9ficier d\u2019\u00e9changes directs avec une artiste.<\/p>\n<p>Dans l\u2019optique de favoriser davantage ce contact, l\u2019artiste a poss\u00e9d\u00e9 un lieu de travail \u00e0 sa disposition \u00e0 l\u2019int\u00e9rieur m\u00eame du Lyc\u00e9e des Arts et M\u00e9tiers. Les \u00e9l\u00e8ves pouvaient venir \u00e0 sa rencontre, la c\u00f4toyer au quotidien et aussi continuer leurs r\u00e9flexions sur le projet hors des ateliers.<\/p>\n<p>La r\u00e9sidence s&#8217;est conclue par une exposition au Casino Display des travaux faits par les \u00e9l\u00e8ves et par l\u2019artiste, le 23 f\u00e9vrier 2024.<\/p>\n<p>&nbsp;<\/p>\n<p>(Photos: Fondation Sommer, Lyc\u00e9e des Arts et M\u00e9tiers, Samantha Wilvert)[\/vc_column_text][\/vc_column][\/vc_row][vc_row][vc_column][vc_gallery type=&#8221;flexslider_slide&#8221; interval=&#8221;0&#8243; images=&#8221;3027,3029,3825,3829,3831,3833&#8243; img_size=&#8221;large&#8221;][\/vc_column][\/vc_row]<\/p>\n<\/div>","protected":false},"featured_media":2604,"template":"","project_category":[29],"project_year":[49],"class_list":["post-3088","projects","type-projects","status-publish","has-post-thumbnail","hentry","project_category-residencies","project_year-49"],"acf":[],"_links":{"self":[{"href":"https:\/\/fondation-sommer.lu\/en\/wp-json\/wp\/v2\/projects\/3088","targetHints":{"allow":["GET"]}}],"collection":[{"href":"https:\/\/fondation-sommer.lu\/en\/wp-json\/wp\/v2\/projects"}],"about":[{"href":"https:\/\/fondation-sommer.lu\/en\/wp-json\/wp\/v2\/types\/projects"}],"version-history":[{"count":9,"href":"https:\/\/fondation-sommer.lu\/en\/wp-json\/wp\/v2\/projects\/3088\/revisions"}],"predecessor-version":[{"id":3905,"href":"https:\/\/fondation-sommer.lu\/en\/wp-json\/wp\/v2\/projects\/3088\/revisions\/3905"}],"wp:featuredmedia":[{"embeddable":true,"href":"https:\/\/fondation-sommer.lu\/en\/wp-json\/wp\/v2\/media\/2604"}],"wp:attachment":[{"href":"https:\/\/fondation-sommer.lu\/en\/wp-json\/wp\/v2\/media?parent=3088"}],"wp:term":[{"taxonomy":"project_category","embeddable":true,"href":"https:\/\/fondation-sommer.lu\/en\/wp-json\/wp\/v2\/project_category?post=3088"},{"taxonomy":"project_year","embeddable":true,"href":"https:\/\/fondation-sommer.lu\/en\/wp-json\/wp\/v2\/project_year?post=3088"}],"curies":[{"name":"wp","href":"https:\/\/api.w.org\/{rel}","templated":true}]}}