{"id":5873,"date":"2025-10-24T16:26:48","date_gmt":"2025-10-24T14:26:48","guid":{"rendered":"https:\/\/fondation-sommer.lu\/?post_type=projects&#038;p=5873"},"modified":"2025-10-24T16:27:55","modified_gmt":"2025-10-24T14:27:55","slug":"5873","status":"publish","type":"projects","link":"https:\/\/fondation-sommer.lu\/en\/projects\/5873\/","title":{"rendered":"Murmures"},"content":{"rendered":"<div class=\"wpb-content-wrapper\"><p>[vc_row][vc_column][vc_column_text]<\/p>\n<div>\n<p>Le 13 octobre a marqu\u00e9 le d\u00e9but de la premi\u00e8re semaine de la<span class=\"apple-converted-space\">\u00a0<\/span><strong>r\u00e9sidence de recherche<\/strong><span class=\"apple-converted-space\">\u00a0<\/span>autour du projet de danse<span class=\"apple-converted-space\">\u00a0<\/span><em>Murmures<\/em>, men\u00e9 par le chor\u00e9graphe<span class=\"apple-converted-space\">\u00a0<\/span><strong>Giovanni Zazzera<\/strong><span class=\"apple-converted-space\">\u00a0<\/span>et la compagnie<span class=\"apple-converted-space\">\u00a0<\/span><strong>Z-Art<\/strong><span class=\"apple-converted-space\">\u00a0<\/span>au <strong>L\u00ebnster Lyc\u00e9e International School.<\/strong><\/p>\n<\/div>\n<div>\n<p>Pendant quatre semaines, trois classes participent \u00e0 des<span class=\"apple-converted-space\">\u00a0<\/span>ateliers ponctuels<span class=\"apple-converted-space\">\u00a0<\/span>anim\u00e9s par les artistes, o\u00f9 elles exp\u00e9rimentent le<span class=\"apple-converted-space\">\u00a0<\/span>mouvement, la musique et l\u2019outil interactif<span class=\"apple-converted-space\">\u00a0<\/span><em>Touch Me<\/em><span class=\"apple-converted-space\">\u00a0<\/span>\u2013 une technologie qui transforme les gestes des danseur\u00b7euse\u00b7s et des \u00e9l\u00e8ves en sons.<br \/>\nGr\u00e2ce \u00e0 cette installation, des m\u00e9lodies et des paysages sonores prennent forme en temps r\u00e9el, selon le rythme, l\u2019\u00e9nergie et l\u2019intensit\u00e9 de chaque mouvement.<\/p>\n<\/div>\n<div>\n<p>En parall\u00e8le, l\u2019ensemble de la<span class=\"apple-converted-space\">\u00a0<\/span>communaut\u00e9 scolaire<span class=\"apple-converted-space\">\u00a0<\/span>a la possibilit\u00e9, durant les pauses de midi, d\u2019entrer dans l\u2019atelier des artistes et de d\u00e9couvrir le travail de cr\u00e9ation de l\u2019\u00e9quipe de Z-Art autour de<span class=\"apple-converted-space\">\u00a0<\/span><em>Murmures<\/em>.<\/p>\n<\/div>\n<div>\n<p>En plus des ateliers de danse et de musique, les \u00e9l\u00e8ves d\u00e9couvrent les<span class=\"apple-converted-space\">\u00a0<\/span>\u00e9tapes de cr\u00e9ation d\u2019une composition chor\u00e9graphique et sc\u00e9nique.<br \/>\nLa r\u00e9sidence s\u2019\u00e9tend sur quatre semaines et se cl\u00f4ture par un<span class=\"apple-converted-space\">\u00a0<\/span>petit work-in-progress au sein du lyc\u00e9e, offrant aux jeunes participant\u00b7e\u00b7s l\u2019occasion de partager ce qui est n\u00e9 de leurs mouvements, id\u00e9es et sons.<\/p>\n<\/div>\n<div>\n<p>La<span class=\"apple-converted-space\">\u00a0<\/span>deuxi\u00e8me partie de la r\u00e9sidence<span class=\"apple-converted-space\">\u00a0<\/span>aura lieu en janvier et permettra de<span class=\"apple-converted-space\">\u00a0<\/span>poursuivre et d\u2019approfondir le travail artistique<span class=\"apple-converted-space\">\u00a0<\/span>entam\u00e9 \u00e0 l\u2019automne.<\/p>\n<\/div>\n<p>.[\/vc_column_text][\/vc_column][\/vc_row]<\/p>\n<\/div>","protected":false},"featured_media":5874,"template":"","project_category":[29],"project_year":[62],"class_list":["post-5873","projects","type-projects","status-publish","has-post-thumbnail","hentry","project_category-residencies","project_year-2025-2026"],"acf":[],"_links":{"self":[{"href":"https:\/\/fondation-sommer.lu\/en\/wp-json\/wp\/v2\/projects\/5873","targetHints":{"allow":["GET"]}}],"collection":[{"href":"https:\/\/fondation-sommer.lu\/en\/wp-json\/wp\/v2\/projects"}],"about":[{"href":"https:\/\/fondation-sommer.lu\/en\/wp-json\/wp\/v2\/types\/projects"}],"version-history":[{"count":2,"href":"https:\/\/fondation-sommer.lu\/en\/wp-json\/wp\/v2\/projects\/5873\/revisions"}],"predecessor-version":[{"id":5878,"href":"https:\/\/fondation-sommer.lu\/en\/wp-json\/wp\/v2\/projects\/5873\/revisions\/5878"}],"wp:featuredmedia":[{"embeddable":true,"href":"https:\/\/fondation-sommer.lu\/en\/wp-json\/wp\/v2\/media\/5874"}],"wp:attachment":[{"href":"https:\/\/fondation-sommer.lu\/en\/wp-json\/wp\/v2\/media?parent=5873"}],"wp:term":[{"taxonomy":"project_category","embeddable":true,"href":"https:\/\/fondation-sommer.lu\/en\/wp-json\/wp\/v2\/project_category?post=5873"},{"taxonomy":"project_year","embeddable":true,"href":"https:\/\/fondation-sommer.lu\/en\/wp-json\/wp\/v2\/project_year?post=5873"}],"curies":[{"name":"wp","href":"https:\/\/api.w.org\/{rel}","templated":true}]}}