{"id":5885,"date":"2025-10-24T16:50:04","date_gmt":"2025-10-24T14:50:04","guid":{"rendered":"https:\/\/fondation-sommer.lu\/?post_type=projects&#038;p=5885"},"modified":"2025-10-24T16:50:04","modified_gmt":"2025-10-24T14:50:04","slug":"que-tun","status":"publish","type":"projects","link":"https:\/\/fondation-sommer.lu\/en\/projects\/que-tun\/","title":{"rendered":"Que Tun?"},"content":{"rendered":"<div class=\"wpb-content-wrapper\"><p>[vc_row][vc_column][vc_column_text]<\/p>\n<div>\n<p>Le 5 janvier d\u00e9bute dans l&#8217;\u00e9cole fondamentale de Lallange \u00e0 Esch la r\u00e9sidence d\u2019artiste en milieu scolaire<span class=\"apple-converted-space\">\u00a0<\/span><strong>\u00ab Que Tun ? \u00bb<\/strong>, une<span class=\"apple-converted-space\">\u00a0<\/span><em>r\u00e9sidence de cr\u00e9ation<\/em><span class=\"apple-converted-space\">\u00a0<\/span>men\u00e9e par la<span class=\"apple-converted-space\">\u00a0<\/span><strong>Compagnie Kopla Bunz<\/strong>. Pendant cinq semaines, les artistes s\u2019installeront \u00e0 l\u2019\u00e9cole fondamentale de Lallange pour explorer, avec les \u00e9l\u00e8ves, les liens entre<span class=\"apple-converted-space\">\u00a0<\/span>musique, mouvement et parole.<\/p>\n<\/div>\n<div>\n<p>Destin\u00e9e au jeune public \u00e0 partir de cinq ans, cette cr\u00e9ation m\u00eale<span class=\"apple-converted-space\">\u00a0<\/span>th\u00e9\u00e2tre, danse et musique<span class=\"apple-converted-space\">\u00a0<\/span>et interroge la mani\u00e8re dont les \u00eatres humains cohabitent, inventent des r\u00e8gles, se cherchent, se perdent et se retrouvent. Trois interpr\u00e8tes \u2013 une chanteuse, un chanteur et une com\u00e9dienne \u2013 \u00e9voluent sur un sol instable, m\u00e9taphore de nos fragilit\u00e9s collectives et de l\u2019\u00e9quilibre pr\u00e9caire du vivre-ensemble.<\/p>\n<\/div>\n<div>\n<p>Les artistes travailleront avec quatre classes, \u00e0 travers des ateliers centr\u00e9s sur diff\u00e9rents axes de cr\u00e9ation. Les \u00e9l\u00e8ves y participent activement et y apportent leur imagination, leur point de vue et leurs exp\u00e9riences :<br \/>\n\u2013<span class=\"apple-converted-space\">\u00a0<\/span>Cycles 1 et 2<span class=\"apple-converted-space\">\u00a0<\/span>: exploration des \u00e9motions \u00e0 travers le corps, la voix et le jeu sur un sol mouvant.<br \/>\n\u2013<span class=\"apple-converted-space\">\u00a0<\/span>Cycle 3<span class=\"apple-converted-space\">\u00a0<\/span>: d\u00e9couverte de la sc\u00e9nographie et r\u00e9flexion sur l\u2019espace comme langage du r\u00e9cit.<br \/>\n\u2013<span class=\"apple-converted-space\">\u00a0<\/span>Cycle 4<span class=\"apple-converted-space\">\u00a0<\/span>: approche de la dramaturgie et \u00e9criture de textes inspir\u00e9s de la r\u00e9sidence.<\/p>\n<\/div>\n<div>\n<p>Lorsque les artistes ne travaillent pas directement avec les classes, ils poursuivent leur recherche dans un espace au sein de l\u2019\u00e9cole, accessible aux autres classes. Les \u00e9l\u00e8ves et enseignant\u00b7e\u00b7s sont invit\u00e9\u00b7e\u00b7s \u00e0 venir d\u00e9couvrir le travail en cours, \u00e9changer et observer la cr\u00e9ation en train de na\u00eetre.<\/p>\n<\/div>\n<div>\n<p>La<span class=\"apple-converted-space\">\u00a0<\/span>premi\u00e8re du spectacle<span class=\"apple-converted-space\">\u00a0<\/span><em>\u00ab Que Tun ? \u00bb<\/em><span class=\"apple-converted-space\">\u00a0<\/span>aura lieu le<span class=\"apple-converted-space\">\u00a0<\/span>14 mars<span class=\"apple-converted-space\">\u00a0<\/span>au<span class=\"apple-converted-space\">\u00a0<\/span>CAPE \u2013 Centre des Arts Pluriels Ettelbruck.<\/p>\n<\/div>\n<p>[\/vc_column_text][\/vc_column][\/vc_row]<\/p>\n<\/div>","protected":false},"featured_media":5886,"template":"","project_category":[29],"project_year":[62],"class_list":["post-5885","projects","type-projects","status-publish","has-post-thumbnail","hentry","project_category-residencies","project_year-2025-2026"],"acf":[],"_links":{"self":[{"href":"https:\/\/fondation-sommer.lu\/en\/wp-json\/wp\/v2\/projects\/5885","targetHints":{"allow":["GET"]}}],"collection":[{"href":"https:\/\/fondation-sommer.lu\/en\/wp-json\/wp\/v2\/projects"}],"about":[{"href":"https:\/\/fondation-sommer.lu\/en\/wp-json\/wp\/v2\/types\/projects"}],"version-history":[{"count":1,"href":"https:\/\/fondation-sommer.lu\/en\/wp-json\/wp\/v2\/projects\/5885\/revisions"}],"predecessor-version":[{"id":5888,"href":"https:\/\/fondation-sommer.lu\/en\/wp-json\/wp\/v2\/projects\/5885\/revisions\/5888"}],"wp:featuredmedia":[{"embeddable":true,"href":"https:\/\/fondation-sommer.lu\/en\/wp-json\/wp\/v2\/media\/5886"}],"wp:attachment":[{"href":"https:\/\/fondation-sommer.lu\/en\/wp-json\/wp\/v2\/media?parent=5885"}],"wp:term":[{"taxonomy":"project_category","embeddable":true,"href":"https:\/\/fondation-sommer.lu\/en\/wp-json\/wp\/v2\/project_category?post=5885"},{"taxonomy":"project_year","embeddable":true,"href":"https:\/\/fondation-sommer.lu\/en\/wp-json\/wp\/v2\/project_year?post=5885"}],"curies":[{"name":"wp","href":"https:\/\/api.w.org\/{rel}","templated":true}]}}