{"id":5889,"date":"2025-10-24T16:58:31","date_gmt":"2025-10-24T14:58:31","guid":{"rendered":"https:\/\/fondation-sommer.lu\/?post_type=projects&#038;p=5889"},"modified":"2025-10-24T16:58:31","modified_gmt":"2025-10-24T14:58:31","slug":"macadam","status":"publish","type":"projects","link":"https:\/\/fondation-sommer.lu\/en\/projects\/macadam\/","title":{"rendered":"Macadam"},"content":{"rendered":"<div class=\"wpb-content-wrapper\"><p>[vc_row][vc_column][vc_column_text]<\/p>\n<div>\n<p>La projet<span class=\"apple-converted-space\">\u00a0<\/span>RAMS &lt;&lt; Macadam &gt;&gt; , port\u00e9e par la chor\u00e9graphe<span class=\"apple-converted-space\">\u00a0<\/span><strong>Jennifer Gohier<\/strong><span class=\"apple-converted-space\">\u00a0<\/span>(<em>Cie Corps in Situ<\/em>) au<strong><span class=\"apple-converted-space\">\u00a0<\/span>Lyc\u00e9e Bel-Val<\/strong>, est une<span class=\"apple-converted-space\">\u00a0<\/span><em>r\u00e9sidence de recherche chor\u00e9graphique<\/em><span class=\"apple-converted-space\">\u00a0<\/span>o\u00f9 la<span class=\"apple-converted-space\">\u00a0<\/span>danse et le skateboard<span class=\"apple-converted-space\">\u00a0<\/span>se rencontrent.<\/p>\n<\/div>\n<div>\n<p>L\u2019artiste exp\u00e9rimente avec quatre classes de<span class=\"apple-converted-space\">\u00a0<\/span>5e AD<span class=\"apple-converted-space\">\u00a0<\/span>autour de la question suivante : comment le<span class=\"apple-converted-space\">\u00a0<\/span>mouvement, l\u2019\u00e9quilibre et la chute<span class=\"apple-converted-space\">\u00a0<\/span>peuvent-ils devenir une mati\u00e8re artistique ?<br \/>\nLe<span class=\"apple-converted-space\">\u00a0<\/span>skateboard, utilis\u00e9 ici comme<span class=\"apple-converted-space\">\u00a0<\/span>symbole de libert\u00e9, de r\u00e9bellion et d\u2019identit\u00e9, devient un moyen d\u2019expression \u00e0 travers lequel les jeunes tracent leur propre \u00ab ligne sur le macadam \u00bb. Ensemble, les \u00e9l\u00e8ves et les artistes s\u2019interrogent sur ce que repr\u00e9sente ce symbole pour eux : un espace d\u2019affirmation, de libert\u00e9, ou peut-\u00eatre d\u2019instabilit\u00e9 cr\u00e9atrice.<\/p>\n<\/div>\n<div>\n<p>La r\u00e9sidence se d\u00e9roule en<span class=\"apple-converted-space\">\u00a0<\/span>deux \u00e9tapes<span class=\"apple-converted-space\">\u00a0<\/span>:<br \/>\n\u2013 une premi\u00e8re phase de<span class=\"apple-converted-space\">\u00a0<\/span><em>recherche<\/em><span class=\"apple-converted-space\">\u00a0<\/span>men\u00e9e par la compagnie, centr\u00e9e sur l\u2019exploration de nouveaux motifs de mouvement ;<br \/>\n\u2013 puis une<span class=\"apple-converted-space\">\u00a0<\/span>phase d\u2019\u00e9change et de m\u00e9diation, durant laquelle les \u00e9l\u00e8ves participent activement \u00e0 des ateliers d\u2019exp\u00e9rimentation.<\/p>\n<\/div>\n<div>\n<p>Des<span class=\"apple-converted-space\">\u00a0<\/span>r\u00e9p\u00e9titions ouvertes<span class=\"apple-converted-space\">\u00a0<\/span>permettent \u00e0 l\u2019ensemble de la communaut\u00e9 scolaire d\u2019observer le processus de cr\u00e9ation.<br \/>\nLa r\u00e9sidence s\u2019ach\u00e8vera par une<span class=\"apple-converted-space\">\u00a0<\/span>pr\u00e9sentation de travail, t\u00e9moignant du parcours collectif et des \u00e9changes entre les artistes et les \u00e9l\u00e8ves.<\/p>\n<\/div>\n<p>[\/vc_column_text][\/vc_column][\/vc_row]<\/p>\n<\/div>","protected":false},"featured_media":5890,"template":"","project_category":[29],"project_year":[62],"class_list":["post-5889","projects","type-projects","status-publish","has-post-thumbnail","hentry","project_category-residencies","project_year-2025-2026"],"acf":[],"_links":{"self":[{"href":"https:\/\/fondation-sommer.lu\/en\/wp-json\/wp\/v2\/projects\/5889","targetHints":{"allow":["GET"]}}],"collection":[{"href":"https:\/\/fondation-sommer.lu\/en\/wp-json\/wp\/v2\/projects"}],"about":[{"href":"https:\/\/fondation-sommer.lu\/en\/wp-json\/wp\/v2\/types\/projects"}],"version-history":[{"count":1,"href":"https:\/\/fondation-sommer.lu\/en\/wp-json\/wp\/v2\/projects\/5889\/revisions"}],"predecessor-version":[{"id":5892,"href":"https:\/\/fondation-sommer.lu\/en\/wp-json\/wp\/v2\/projects\/5889\/revisions\/5892"}],"wp:featuredmedia":[{"embeddable":true,"href":"https:\/\/fondation-sommer.lu\/en\/wp-json\/wp\/v2\/media\/5890"}],"wp:attachment":[{"href":"https:\/\/fondation-sommer.lu\/en\/wp-json\/wp\/v2\/media?parent=5889"}],"wp:term":[{"taxonomy":"project_category","embeddable":true,"href":"https:\/\/fondation-sommer.lu\/en\/wp-json\/wp\/v2\/project_category?post=5889"},{"taxonomy":"project_year","embeddable":true,"href":"https:\/\/fondation-sommer.lu\/en\/wp-json\/wp\/v2\/project_year?post=5889"}],"curies":[{"name":"wp","href":"https:\/\/api.w.org\/{rel}","templated":true}]}}